{"id":6945,"date":"2022-12-20T15:57:04","date_gmt":"2022-12-20T15:57:04","guid":{"rendered":"https:\/\/sabineschaefer.de\/?page_id=6945"},"modified":"2023-05-17T10:09:32","modified_gmt":"2023-05-17T10:09:32","slug":"veranstaltungen-zum-70-geburtstag-des-komponisten-und-medienkuenstlers-joachim-krebs-1952-2013","status":"publish","type":"page","link":"https:\/\/sabineschaefer.de\/?page_id=6945&lang=de","title":{"rendered":"Veranstaltungen zum 70. Geburtstag des Komponisten und Medienk\u00fcnstlers Joachim Krebs (1952-2013)"},"content":{"rendered":"[et_pb_section fb_built=&#8220;1&#8243; disabled_on=&#8220;on|on|off&#8220; admin_label=&#8220;Header&#8220; _builder_version=&#8220;4.18.0&#8243; _module_preset=&#8220;default&#8220; background_color=&#8220;#1E1E1E&#8220; background_enable_image=&#8220;off&#8220; parallax=&#8220;on&#8220; parallax_method=&#8220;off&#8220; background_enable_video_mp4=&#8220;off&#8220; custom_margin=&#8220;0px||0px||false|false&#8220; custom_padding=&#8220;0px||0px||false|false&#8220; global_colors_info=&#8220;{}&#8220;][et_pb_row column_structure=&#8220;1_4,3_4&#8243; use_custom_gutter=&#8220;on&#8220; gutter_width=&#8220;1&#8243; _builder_version=&#8220;4.18.0&#8243; _module_preset=&#8220;default&#8220; width=&#8220;100%&#8220; max_width=&#8220;none&#8220; custom_margin=&#8220;||||false|false&#8220; custom_padding=&#8220;20px|20px|20px|20px|true|true&#8220; global_colors_info=&#8220;{}&#8220;][et_pb_column type=&#8220;1_4&#8243; _builder_version=&#8220;4.18.0&#8243; _module_preset=&#8220;default&#8220; custom_padding=&#8220;5px|5px|||false|false&#8220; border_radii=&#8220;off||||&#8220; global_colors_info=&#8220;{}&#8220;][et_pb_image src=&#8220;https:\/\/sabineschaefer.de\/wp-content\/uploads\/2022\/12\/Logo-196.png&#8220; title_text=&#8220;Logo 196&#8243; url=&#8220;@ET-DC@eyJkeW5hbWljIjp0cnVlLCJjb250ZW50IjoiaG9tZV91cmwiLCJzZXR0aW5ncyI6e319@&#8220; _builder_version=&#8220;4.18.1&#8243; _dynamic_attributes=&#8220;url&#8220; _module_preset=&#8220;default&#8220; width=&#8220;55%&#8220; global_colors_info=&#8220;{}&#8220;][\/et_pb_image][\/et_pb_column][et_pb_column type=&#8220;3_4&#8243; _builder_version=&#8220;4.18.0&#8243; _module_preset=&#8220;default&#8220; custom_padding=&#8220;5px|5px|||false|false&#8220; border_radii=&#8220;off||||&#8220; global_colors_info=&#8220;{}&#8220;][et_pb_menu menu_id=&#8220;3&#8243; active_link_color=&#8220;#D8D1CB&#8220; disabled_on=&#8220;on|on|off&#8220; module_class=&#8220;pa-underline-fade active-menu-item&#8220; _builder_version=&#8220;4.18.1&#8243; _module_preset=&#8220;default&#8220; menu_font=&#8220;replica-bold|||on|||||&#8220; menu_text_color=&#8220;#FFFFFF&#8220; menu_font_size=&#8220;18px&#8220; menu_letter_spacing=&#8220;1px&#8220; background_enable_color=&#8220;off&#8220; text_orientation=&#8220;right&#8220; menu_text_shadow_style=&#8220;preset1&#8243; menu_text_shadow_blur_strength=&#8220;0.56em&#8220; global_colors_info=&#8220;{}&#8220;][\/et_pb_menu][\/et_pb_column][\/et_pb_row][\/et_pb_section][et_pb_section fb_built=&#8220;1&#8243; admin_label=&#8220;Services&#8220; _builder_version=&#8220;4.19.4&#8243; _module_preset=&#8220;default&#8220; background_color=&#8220;#d8d1cb&#8220; background_enable_image=&#8220;off&#8220; background_blend=&#8220;overlay&#8220; custom_padding=&#8220;20px|0px|0px|0px|false|true&#8220; global_colors_info=&#8220;{}&#8220;][et_pb_row column_structure=&#8220;1_2,1_2&#8243; use_custom_gutter=&#8220;on&#8220; gutter_width=&#8220;1&#8243; _builder_version=&#8220;4.19.4&#8243; _module_preset=&#8220;default&#8220; width=&#8220;100%&#8220; max_width=&#8220;none&#8220; custom_padding=&#8220;300px|20px|20px|20px|false|true&#8220; global_colors_info=&#8220;{}&#8220;][et_pb_column type=&#8220;1_2&#8243; _builder_version=&#8220;4.19.4&#8243; _module_preset=&#8220;default&#8220; custom_padding=&#8220;0px||0px||false|false&#8220; sticky_position=&#8220;bottom&#8220; sticky_limit_top=&#8220;row&#8220; sticky_position_tablet=&#8220;bottom&#8220; sticky_position_phone=&#8220;none&#8220; sticky_position_last_edited=&#8220;on|phone&#8220; border_width_top=&#8220;10px&#8220; border_color_top=&#8220;gcid-c2229001-dd76-4be2-a7ff-74c8942ea29b&#8220; global_colors_info=&#8220;{%22gcid-c2229001-dd76-4be2-a7ff-74c8942ea29b%22:%91%22border_color_top%22%93}&#8220;][et_pb_text content_tablet=&#8220;<\/p>\n<p><span style=%22color: #2d2d2d; font-family: replica-bold; font-weight: normal;%22>Kuratorische T\u00e4tigkeit<\/span><\/p>\n<p>&#8220; content_phone=&#8220;<\/p>\n<p>Kuratorische <br \/>T\u00e4tigkeit<\/p>\n<p>&#8220; content_last_edited=&#8220;on|phone&#8220; _builder_version=&#8220;4.19.4&#8243; _module_preset=&#8220;default&#8220; text_font=&#8220;replica-bold|||on|||||&#8220; text_text_color=&#8220;#2D2D2D&#8220; text_font_size=&#8220;30px&#8220; text_line_height=&#8220;1.2em&#8220; header_font=&#8220;replica-bold||||||||&#8220; header_text_align=&#8220;left&#8220; header_text_color=&#8220;gcid-c2229001-dd76-4be2-a7ff-74c8942ea29b&#8220; header_font_size=&#8220;60px&#8220; header_2_font=&#8220;replica-bold|||on|||||&#8220; header_2_text_align=&#8220;left&#8220; header_2_text_color=&#8220;gcid-c2229001-dd76-4be2-a7ff-74c8942ea29b&#8220; header_2_font_size=&#8220;80px&#8220; header_2_line_height=&#8220;0.9em&#8220; custom_margin=&#8220;||0px||false|false&#8220; custom_padding=&#8220;10px||20px||false|false&#8220; custom_padding_tablet=&#8220;10px||20px||false|false&#8220; custom_padding_phone=&#8220;||20px||false|false&#8220; custom_padding_last_edited=&#8220;on|phone&#8220; text_font_size_tablet=&#8220;30px&#8220; text_font_size_phone=&#8220;20px&#8220; text_font_size_last_edited=&#8220;on|phone&#8220; header_font_size_tablet=&#8220;60px&#8220; header_font_size_phone=&#8220;40px&#8220; header_font_size_last_edited=&#8220;on|desktop&#8220; inline_fonts=&#8220;replica-bold&#8220; global_colors_info=&#8220;{%22gcid-c2229001-dd76-4be2-a7ff-74c8942ea29b%22:%91%22header_2_text_color%22,%22header_2_text_color%22%93}&#8220;]\n<p><span style=\"color: #2d2d2d; font-family: replica-bold; font-weight: normal;\">Kuratorische T\u00e4tigkeit<\/span><\/p>\n[\/et_pb_text][et_pb_text _builder_version=&#8220;4.19.4&#8243; _module_preset=&#8220;default&#8220; text_font=&#8220;||||||||&#8220; header_font=&#8220;replica-bold||||||||&#8220; header_text_align=&#8220;left&#8220; header_text_color=&#8220;gcid-c2229001-dd76-4be2-a7ff-74c8942ea29b&#8220; header_font_size=&#8220;60px&#8220; header_2_font=&#8220;replica-bold|||on|||||&#8220; header_2_text_align=&#8220;left&#8220; header_2_text_color=&#8220;gcid-c2229001-dd76-4be2-a7ff-74c8942ea29b&#8220; header_2_font_size=&#8220;80px&#8220; header_2_line_height=&#8220;0.9em&#8220; custom_margin=&#8220;||0px||false|false&#8220; custom_padding=&#8220;10px||0px||false|false&#8220; custom_padding_tablet=&#8220;10px||0px||false|false&#8220; custom_padding_phone=&#8220;||20px||false|false&#8220; custom_padding_last_edited=&#8220;on|phone&#8220; header_font_size_tablet=&#8220;60px&#8220; header_font_size_phone=&#8220;40px&#8220; header_font_size_last_edited=&#8220;on|desktop&#8220; global_colors_info=&#8220;{%22gcid-c2229001-dd76-4be2-a7ff-74c8942ea29b%22:%91%22header_2_text_color%22,%22header_2_text_color%22%93}&#8220;]\n<h1>Veranstaltungen zum 70. Geburtstag<br \/>des Komponisten und Medienk\u00fcnstlers<br \/>Joachim Krebs (1952-2013)<\/h1>\n[\/et_pb_text][\/et_pb_column][et_pb_column type=&#8220;1_2&#8243; _builder_version=&#8220;4.19.4&#8243; _module_preset=&#8220;default&#8220; custom_padding=&#8220;|||20px|false|false&#8220; custom_padding_tablet=&#8220;|||0px|false|false&#8220; custom_padding_phone=&#8220;|||0px|false|false&#8220; custom_padding_last_edited=&#8220;on|desktop&#8220; global_colors_info=&#8220;{}&#8220;][et_pb_image src=&#8220;https:\/\/sabineschaefer.de\/wp-content\/uploads\/2022\/12\/Startfoto-Joachim-Krebs_Berlin2011-1.jpg&#8220; title_text=&#8220;Startfoto-Joachim-Krebs_Berlin2011&#8243; _builder_version=&#8220;4.19.4&#8243; _module_preset=&#8220;default&#8220; custom_margin=&#8220;||||false|false&#8220; global_colors_info=&#8220;{}&#8220;][\/et_pb_image][\/et_pb_column][\/et_pb_row][\/et_pb_section][et_pb_section fb_built=&#8220;1&#8243; disabled_on=&#8220;off|off|on&#8220; _builder_version=&#8220;4.19.0&#8243; _module_preset=&#8220;default&#8220; background_color=&#8220;RGBA(255,255,255,0)&#8220; positioning=&#8220;fixed&#8220; position_origin_a=&#8220;top_right&#8220; position_origin_f=&#8220;top_right&#8220; horizontal_offset=&#8220;0px&#8220; z_index=&#8220;998&#8243; custom_margin=&#8220;0px||0px||false|false&#8220; custom_padding=&#8220;0px||0px||false|false&#8220; global_module=&#8220;5456&#8243; saved_tabs=&#8220;all&#8220; global_colors_info=&#8220;{}&#8220;][et_pb_row disabled_on=&#8220;off|off|on&#8220; _builder_version=&#8220;4.19.0&#8243; _module_preset=&#8220;default&#8220; background_color=&#8220;RGBA(255,255,255,0)&#8220; width=&#8220;100%&#8220; max_width=&#8220;none&#8220; custom_margin=&#8220;0px||0px||false|false&#8220; custom_padding=&#8220;0px||0px||false|false&#8220; global_colors_info=&#8220;{}&#8220;][et_pb_column type=&#8220;4_4&#8243; _builder_version=&#8220;4.19.0&#8243; _module_preset=&#8220;default&#8220; global_colors_info=&#8220;{}&#8220;][et_pb_menu db_link_spacing=&#8220;0px&#8220; menu_id=&#8220;3&#8243; submenu_direction=&#8220;downwards&#8220; active_link_color=&#8220;#D8D1CB&#8220; dropdown_menu_bg_color=&#8220;#1E1E1E&#8220; dropdown_menu_line_color=&#8220;RGBA(255,255,255,0)&#8220; dropdown_menu_text_color=&#8220;#FFFFFF&#8220; dropdown_menu_active_link_color=&#8220;#D8D1CB&#8220; mobile_menu_bg_color=&#8220;#1E1E1E&#8220; mobile_menu_text_color=&#8220;#FFFFFF&#8220; logo=&#8220;https:\/\/sabineschaefer.de\/wp-content\/uploads\/2022\/12\/Logo-196-2.png&#8220; logo_url=&#8220;@ET-DC@eyJkeW5hbWljIjp0cnVlLCJjb250ZW50IjoiaG9tZV91cmwiLCJzZXR0aW5ncyI6e319@&#8220; logo_width=&#8220;14%&#8220; menu_icon_color=&#8220;#1E1E1E&#8220; menu_icon_font_size=&#8220;70px&#8220; logo_width_tablet=&#8220;16%&#8220; logo_width_phone=&#8220;30%&#8220; logo_width_last_edited=&#8220;on|phone&#8220; menu_icon_font_size_tablet=&#8220;&#8220; menu_icon_font_size_phone=&#8220;60px&#8220; menu_icon_font_size_last_edited=&#8220;on|phone&#8220; disabled_on=&#8220;off|off|on&#8220; _builder_version=&#8220;4.19.2&#8243; _dynamic_attributes=&#8220;logo_url&#8220; _module_preset=&#8220;default&#8220; menu_font=&#8220;replica-bold|||on|||||&#8220; menu_text_color=&#8220;#FFFFFF&#8220; menu_font_size=&#8220;20px&#8220; menu_letter_spacing=&#8220;0.4px&#8220; menu_line_height=&#8220;1.5em&#8220; db_title_font=&#8220;|||on|||||&#8220; db_title_text_color=&#8220;#FFFFFF&#8220; db_title_letter_spacing=&#8220;0.4px&#8220; db_tagline_font=&#8220;||||||||&#8220; db_tagline_text_color=&#8220;#FFFFFF&#8220; background_color=&#8220;RGBA(255,255,255,0)&#8220; custom_padding=&#8220;10px|8px|15px|20px|false|false&#8220; child_filter_invert=&#8220;100%&#8220; child_filter_opacity=&#8220;80%&#8220; border_width_bottom_image=&#8220;0px&#8220; border_color_bottom_image=&#8220;#FFFFFF&#8220; global_colors_info=&#8220;{}&#8220;][\/et_pb_menu][\/et_pb_column][\/et_pb_row][\/et_pb_section][et_pb_section fb_built=&#8220;1&#8243; admin_label=&#8220;Promo&#8220; _builder_version=&#8220;4.18.0&#8243; _module_preset=&#8220;default&#8220; background_color=&#8220;#FCF6F2&#8243; background_enable_image=&#8220;off&#8220; background_size=&#8220;contain&#8220; background_position=&#8220;center_left&#8220; custom_padding=&#8220;0px|20px|20px|20px|false|true&#8220; global_colors_info=&#8220;{}&#8220;][et_pb_row column_structure=&#8220;1_3,1_3,1_3&#8243; use_custom_gutter=&#8220;on&#8220; gutter_width=&#8220;1&#8243; make_equal=&#8220;on&#8220; _builder_version=&#8220;4.19.4&#8243; _module_preset=&#8220;default&#8220; background_enable_color=&#8220;off&#8220; width=&#8220;100%&#8220; max_width=&#8220;none&#8220; custom_padding=&#8220;20px||0px||false|false&#8220; global_colors_info=&#8220;{}&#8220;][et_pb_column type=&#8220;1_3&#8243; _builder_version=&#8220;4.19.2&#8243; _module_preset=&#8220;default&#8220; background_enable_color=&#8220;off&#8220; background_enable_image=&#8220;off&#8220; custom_padding=&#8220;|20px|||false|false&#8220; custom_padding_tablet=&#8220;100px|10%|100px|10%|true|true&#8220; custom_padding_phone=&#8220;50px||50px||true|true&#8220; custom_padding_last_edited=&#8220;off|desktop&#8220; global_colors_info=&#8220;{}&#8220;][et_pb_text _builder_version=&#8220;4.19.4&#8243; _module_preset=&#8220;default&#8220; text_text_color=&#8220;#2D2D2D&#8220; text_line_height=&#8220;1.3em&#8220; header_2_text_color=&#8220;#2D2D2D&#8220; header_2_font_size=&#8220;30px&#8220; custom_padding_tablet=&#8220;&#8220; custom_padding_phone=&#8220;||20px||false|false&#8220; custom_padding_last_edited=&#8220;on|phone&#8220; inline_fonts=&#8220;replica-italic,replica-bold&#8220; global_colors_info=&#8220;{}&#8220;]\n<p><span style=\"font-family: replica-bold; font-size: xx-large;\">Badische Landesbibliothek<\/span><br \/>Rufer \u2013 auf Plateau<br \/>29.11.2022, Vortragssaal<br \/>Kammermusik, Laudatio und Vortrag<\/p>\n[\/et_pb_text][\/et_pb_column][et_pb_column type=&#8220;1_3&#8243; _builder_version=&#8220;4.19.2&#8243; _module_preset=&#8220;default&#8220; background_enable_color=&#8220;off&#8220; background_enable_image=&#8220;off&#8220; custom_padding=&#8220;|20px|||false|false&#8220; custom_padding_tablet=&#8220;100px|10%|100px|10%|true|true&#8220; custom_padding_phone=&#8220;50px||50px||true|true&#8220; custom_padding_last_edited=&#8220;off|desktop&#8220; global_colors_info=&#8220;{}&#8220;][et_pb_text _builder_version=&#8220;4.19.4&#8243; _module_preset=&#8220;default&#8220; text_text_color=&#8220;#2D2D2D&#8220; text_line_height=&#8220;1.3em&#8220; header_2_text_color=&#8220;#2D2D2D&#8220; header_2_font_size=&#8220;30px&#8220; custom_padding=&#8220;0px||||false|false&#8220; custom_padding_tablet=&#8220;0px||||false|false&#8220; custom_padding_phone=&#8220;0px||20px||false|false&#8220; custom_padding_last_edited=&#8220;on|phone&#8220; inline_fonts=&#8220;replica-italic,replica-bold&#8220; global_colors_info=&#8220;{}&#8220;]\n<p><span style=\"font-family: replica-bold; font-size: xx-large;\">Hochschule f\u00fcr Musik Karlsruhe<\/span><br \/>Traumkraut und Rhizom<br \/>17.01.2023, Velte-Saal<br \/>18 Uhr Gespr\u00e4ch und 19.30 Uhr Konzert<\/p>\n[\/et_pb_text][\/et_pb_column][et_pb_column type=&#8220;1_3&#8243; _builder_version=&#8220;4.19.2&#8243; _module_preset=&#8220;default&#8220; background_enable_color=&#8220;off&#8220; background_enable_image=&#8220;off&#8220; custom_padding=&#8220;|20px|||false|false&#8220; custom_padding_tablet=&#8220;100px|10%|100px|10%|true|true&#8220; custom_padding_phone=&#8220;50px||50px||true|true&#8220; custom_padding_last_edited=&#8220;off|desktop&#8220; global_colors_info=&#8220;{}&#8220;][et_pb_text _builder_version=&#8220;4.19.4&#8243; _module_preset=&#8220;default&#8220; text_text_color=&#8220;#2D2D2D&#8220; text_line_height=&#8220;1.3em&#8220; header_2_text_color=&#8220;#2D2D2D&#8220; header_2_font_size=&#8220;30px&#8220; custom_padding=&#8220;1px||||false|false&#8220; inline_fonts=&#8220;replica-italic,replica-bold&#8220; global_colors_info=&#8220;{}&#8220;]\n<p><span style=\"font-family: replica-bold; font-size: xx-large;\">ZKM Karlsruhe <\/span><br \/>Das Leben als Experiment &#8211;<br \/>Der Komponist und Medienk\u00fcnstler Joachim Krebs (1952-2013)<br \/>19.01.2023, 19 Uhr, Vortragssaal<br \/>Vortrag, Live-Musik und dokumentarische Werkpr\u00e4sentationen<\/p>\n[\/et_pb_text][\/et_pb_column][\/et_pb_row][\/et_pb_section][et_pb_section fb_built=&#8220;1&#8243; admin_label=&#8220;Promo&#8220; _builder_version=&#8220;4.19.4&#8243; _module_preset=&#8220;default&#8220; background_color=&#8220;#FFFFFF&#8220; background_enable_image=&#8220;off&#8220; background_size=&#8220;contain&#8220; background_position=&#8220;center_left&#8220; custom_padding=&#8220;0px|20px|20px|20px|false|true&#8220; global_colors_info=&#8220;{}&#8220;][et_pb_row column_structure=&#8220;1_3,1_3,1_3&#8243; use_custom_gutter=&#8220;on&#8220; gutter_width=&#8220;1&#8243; make_equal=&#8220;on&#8220; _builder_version=&#8220;4.19.4&#8243; _module_preset=&#8220;default&#8220; background_enable_color=&#8220;off&#8220; width=&#8220;100%&#8220; max_width=&#8220;none&#8220; custom_padding=&#8220;20px||0px||false|false&#8220; global_colors_info=&#8220;{}&#8220;][et_pb_column type=&#8220;1_3&#8243; _builder_version=&#8220;4.19.4&#8243; _module_preset=&#8220;default&#8220; background_enable_color=&#8220;off&#8220; background_enable_image=&#8220;off&#8220; custom_padding=&#8220;|20px|||false|false&#8220; custom_padding_tablet=&#8220;100px|10%|100px|10%|true|true&#8220; custom_padding_phone=&#8220;0px|0%|0px|0%|true|true&#8220; custom_padding_last_edited=&#8220;on|phone&#8220; global_colors_info=&#8220;{}&#8220;][et_pb_image src=&#8220;https:\/\/sabineschaefer.de\/wp-content\/uploads\/2022\/12\/01_W1_Krebs-Joa_Darmstadt-1984-Foto-Harenberg.jpg&#8220; title_text=&#8220;01_W1_Krebs-Joa_Darmstadt-1984-Foto-Harenberg&#8220; force_fullwidth=&#8220;on&#8220; _builder_version=&#8220;4.19.4&#8243; _module_preset=&#8220;default&#8220; custom_padding_tablet=&#8220;&#8220; custom_padding_phone=&#8220;||20px||false|false&#8220; custom_padding_last_edited=&#8220;on|phone&#8220; global_colors_info=&#8220;{}&#8220;][\/et_pb_image][et_pb_text _builder_version=&#8220;4.19.4&#8243; _module_preset=&#8220;default&#8220; text_text_color=&#8220;#2D2D2D&#8220; text_font_size=&#8220;18px&#8220; text_line_height=&#8220;1.2em&#8220; header_2_text_color=&#8220;#2D2D2D&#8220; header_2_font_size=&#8220;30px&#8220; custom_padding=&#8220;5px||||false|false&#8220; custom_padding_tablet=&#8220;5px||||false|false&#8220; custom_padding_phone=&#8220;||40px||false|false&#8220; custom_padding_last_edited=&#8220;on|phone&#8220; inline_fonts=&#8220;replica-italic,replica-bold&#8220; global_colors_info=&#8220;{}&#8220;]\n<p>Internationale Ferienkurse f\u00fcr Neue Musik Darmstadt 1984<br \/>Komponisten-Forum Joachim Krebs<br \/>Foto: Michael Harenberg<br \/>BLB, K 3353<\/p>\n[\/et_pb_text][\/et_pb_column][et_pb_column type=&#8220;1_3&#8243; _builder_version=&#8220;4.19.4&#8243; _module_preset=&#8220;default&#8220; background_enable_color=&#8220;off&#8220; background_enable_image=&#8220;off&#8220; custom_padding=&#8220;|20px|||false|false&#8220; custom_padding_tablet=&#8220;100px|10%|100px|10%|true|true&#8220; custom_padding_phone=&#8220;0px|0%|0px|0%|true|true&#8220; custom_padding_last_edited=&#8220;on|phone&#8220; global_colors_info=&#8220;{}&#8220;][et_pb_image src=&#8220;https:\/\/sabineschaefer.de\/wp-content\/uploads\/2022\/12\/03_Alien-Lines_Handschrift-JKrebs-scaled.jpg&#8220; title_text=&#8220;03_Alien-Lines_Handschrift-JKrebs&#8220; _builder_version=&#8220;4.19.4&#8243; _module_preset=&#8220;default&#8220; custom_padding_tablet=&#8220;&#8220; custom_padding_phone=&#8220;||20px||false|false&#8220; custom_padding_last_edited=&#8220;on|phone&#8220; global_colors_info=&#8220;{}&#8220;][\/et_pb_image][et_pb_text _builder_version=&#8220;4.19.4&#8243; _module_preset=&#8220;default&#8220; text_text_color=&#8220;#2D2D2D&#8220; text_font_size=&#8220;18px&#8220; text_line_height=&#8220;1.2em&#8220; header_2_text_color=&#8220;#2D2D2D&#8220; header_2_font_size=&#8220;30px&#8220; custom_padding=&#8220;5px||||false|false&#8220; custom_padding_tablet=&#8220;5px||||false|false&#8220; custom_padding_phone=&#8220;||40px||false|false&#8220; custom_padding_last_edited=&#8220;on|phone&#8220; inline_fonts=&#8220;replica-italic,replica-bold&#8220; global_colors_info=&#8220;{}&#8220;]\n<p>Alien Lines and Fields (1993)<br \/>Skizze zur Komposition, Manuskript Joachim Krebs<br \/>BLB, K 3353, A29<\/p>\n[\/et_pb_text][\/et_pb_column][et_pb_column type=&#8220;1_3&#8243; _builder_version=&#8220;4.19.2&#8243; _module_preset=&#8220;default&#8220; background_enable_color=&#8220;off&#8220; background_enable_image=&#8220;off&#8220; custom_padding=&#8220;|20px|||false|false&#8220; custom_padding_tablet=&#8220;100px|10%|100px|10%|true|true&#8220; custom_padding_phone=&#8220;0px|0%|0px|0%|true|true&#8220; custom_padding_last_edited=&#8220;on|phone&#8220; global_colors_info=&#8220;{}&#8220;][et_pb_image src=&#8220;https:\/\/sabineschaefer.de\/wp-content\/uploads\/2022\/12\/04_CPC_1_Burg_Waldeck_1970.jpg&#8220; title_text=&#8220;04_CPC_1_Burg_Waldeck_1970&#8243; _builder_version=&#8220;4.19.4&#8243; _module_preset=&#8220;default&#8220; global_colors_info=&#8220;{}&#8220;][\/et_pb_image][et_pb_text _builder_version=&#8220;4.19.4&#8243; _module_preset=&#8220;default&#8220; text_text_color=&#8220;#2D2D2D&#8220; text_font_size=&#8220;18px&#8220; text_line_height=&#8220;1.2em&#8220; header_2_text_color=&#8220;#2D2D2D&#8220; header_2_font_size=&#8220;30px&#8220; custom_padding=&#8220;5px||||false|false&#8220; inline_fonts=&#8220;replica-italic,replica-bold&#8220; global_colors_info=&#8220;{}&#8220;]\n<p>Checkpoint Charlie<br \/>Joachim Krebs, Enzio Geninazza, Uwe von Trotha, Harald Linder, Werner He\u00df<br \/>Burg Waldeck, 1970<br \/>BLB, K 3353<\/p>\n[\/et_pb_text][\/et_pb_column][\/et_pb_row][et_pb_row use_custom_gutter=&#8220;on&#8220; gutter_width=&#8220;1&#8243; make_equal=&#8220;on&#8220; _builder_version=&#8220;4.19.4&#8243; _module_preset=&#8220;default&#8220; background_enable_color=&#8220;off&#8220; width=&#8220;100%&#8220; max_width=&#8220;none&#8220; custom_padding=&#8220;20px||0px||false|false&#8220; global_colors_info=&#8220;{}&#8220;][et_pb_column type=&#8220;4_4&#8243; _builder_version=&#8220;4.19.2&#8243; _module_preset=&#8220;default&#8220; background_enable_color=&#8220;off&#8220; background_enable_image=&#8220;off&#8220; custom_padding=&#8220;|20px|||false|false&#8220; custom_padding_tablet=&#8220;100px|10%|100px|10%|true|true&#8220; custom_padding_phone=&#8220;50px||50px||true|true&#8220; custom_padding_last_edited=&#8220;off|desktop&#8220; global_colors_info=&#8220;{}&#8220;][et_pb_text _builder_version=&#8220;4.19.4&#8243; _module_preset=&#8220;default&#8220; text_text_color=&#8220;#2D2D2D&#8220; text_line_height=&#8220;1.2em&#8220; header_2_text_color=&#8220;#2D2D2D&#8220; header_2_font_size=&#8220;30px&#8220; custom_padding=&#8220;20px||||false|false&#8220; inline_fonts=&#8220;replica-italic,replica-bold&#8220; global_colors_info=&#8220;{}&#8220;]\n<p>Das Institut f\u00fcr Neue Musik der Hochschule f\u00fcr Musik Karlsruhe pr\u00e4sentiert eine dreiteilige Veranstaltungsreihe \u00fcber den K\u00fcnstler Joachim Krebs. In Kooperation mit der Badischen Landesbibliothek (BLB) und dem ZKM Karlsruhe wird ein weites Spektrum des Werkschaffens und der K\u00fcnstlerpers\u00f6nlichkeit aufgezeigt, durch Auff\u00fchrungen von Instrumental- und Vokalwerken sowie elektroakustischer Klang- und Medienkunst von Joachim Krebs, erg\u00e4nzt durch Vortr\u00e4ge und Gespr\u00e4che.<\/p>\n[\/et_pb_text][\/et_pb_column][\/et_pb_row][\/et_pb_section][et_pb_section fb_built=&#8220;1&#8243; admin_label=&#8220;Services&#8220; _builder_version=&#8220;4.19.4&#8243; _module_preset=&#8220;default&#8220; background_color=&#8220;#F4F4F4&#8243; background_enable_image=&#8220;off&#8220; background_blend=&#8220;overlay&#8220; custom_padding=&#8220;20px|0px|0px|0px|false|true&#8220; global_colors_info=&#8220;{}&#8220;][et_pb_row _builder_version=&#8220;4.19.4&#8243; _module_preset=&#8220;default&#8220; width=&#8220;100%&#8220; max_width=&#8220;none&#8220; custom_padding=&#8220;300px|20px|20px|20px|false|true&#8220; global_colors_info=&#8220;{}&#8220;][et_pb_column type=&#8220;4_4&#8243; _builder_version=&#8220;4.19.4&#8243; _module_preset=&#8220;default&#8220; custom_padding=&#8220;0px||0px||false|false&#8220; sticky_position=&#8220;bottom&#8220; sticky_limit_top=&#8220;row&#8220; sticky_position_tablet=&#8220;bottom&#8220; sticky_position_phone=&#8220;none&#8220; sticky_position_last_edited=&#8220;on|phone&#8220; border_width_top=&#8220;10px&#8220; border_color_top=&#8220;gcid-c2229001-dd76-4be2-a7ff-74c8942ea29b&#8220; global_colors_info=&#8220;{%22gcid-c2229001-dd76-4be2-a7ff-74c8942ea29b%22:%91%22border_color_top%22%93}&#8220;][et_pb_text _builder_version=&#8220;4.19.4&#8243; _module_preset=&#8220;default&#8220; text_font=&#8220;||||||||&#8220; header_font=&#8220;replica-bold||||||||&#8220; header_text_align=&#8220;right&#8220; header_text_color=&#8220;gcid-c2229001-dd76-4be2-a7ff-74c8942ea29b&#8220; header_font_size=&#8220;60px&#8220; header_2_font=&#8220;replica-bold||||||||&#8220; header_2_text_align=&#8220;right&#8220; header_2_text_color=&#8220;gcid-c2229001-dd76-4be2-a7ff-74c8942ea29b&#8220; header_2_font_size=&#8220;60px&#8220; header_2_line_height=&#8220;0.9em&#8220; header_3_font=&#8220;replica-bold||||||||&#8220; header_3_text_align=&#8220;right&#8220; header_3_text_color=&#8220;gcid-c2229001-dd76-4be2-a7ff-74c8942ea29b&#8220; header_3_font_size=&#8220;60px&#8220; header_3_line_height=&#8220;0.9em&#8220; custom_margin=&#8220;||0px||false|false&#8220; custom_padding=&#8220;10px||0px||false|false&#8220; header_font_size_tablet=&#8220;60px&#8220; header_font_size_phone=&#8220;60px&#8220; header_font_size_last_edited=&#8220;on|desktop&#8220; header_2_font_size_tablet=&#8220;60px&#8220; header_2_font_size_phone=&#8220;40px&#8220; header_2_font_size_last_edited=&#8220;on|phone&#8220; inline_fonts=&#8220;replica-regular&#8220; global_colors_info=&#8220;{%22gcid-c2229001-dd76-4be2-a7ff-74c8942ea29b%22:%91%22header_2_text_color%22,%22header_2_text_color%22,%22header_2_text_color%22,%22header_2_text_color%22,%22header_2_text_color%22,%22header_2_text_color%22,%22header_2_text_color%22,%22header_2_text_color%22%93}&#8220;]\n<h2>Di, 29.11.2022, Badische Landesbibliothek Karlsruhe<br \/>19.00 Uhr, Vortragssaal<\/h2>\n<h2><span style=\"font-family: replica-regular;\">Rufer \u2013 auf Plateau<\/span><br \/><span style=\"font-family: replica-regular;\">Kammermusikkonzert und Vortrag<\/span><\/h2>\n<h2><\/h2>\n[\/et_pb_text][\/et_pb_column][\/et_pb_row][\/et_pb_section][et_pb_section fb_built=&#8220;1&#8243; admin_label=&#8220;Promo&#8220; _builder_version=&#8220;4.19.4&#8243; _module_preset=&#8220;default&#8220; background_color=&#8220;#F4F4F4&#8243; background_enable_image=&#8220;off&#8220; background_size=&#8220;contain&#8220; background_position=&#8220;center_left&#8220; custom_padding=&#8220;0px|20px|20px|20px|false|true&#8220; global_colors_info=&#8220;{}&#8220;][et_pb_row column_structure=&#8220;1_2,1_2&#8243; use_custom_gutter=&#8220;on&#8220; gutter_width=&#8220;1&#8243; make_equal=&#8220;on&#8220; _builder_version=&#8220;4.19.4&#8243; _module_preset=&#8220;default&#8220; background_enable_color=&#8220;off&#8220; width=&#8220;100%&#8220; max_width=&#8220;none&#8220; custom_padding=&#8220;20px||0px||false|false&#8220; global_colors_info=&#8220;{}&#8220;][et_pb_column type=&#8220;1_2&#8243; _builder_version=&#8220;4.19.2&#8243; _module_preset=&#8220;default&#8220; background_enable_color=&#8220;off&#8220; background_enable_image=&#8220;off&#8220; custom_padding=&#8220;|20px|||false|false&#8220; custom_padding_tablet=&#8220;100px|10%|100px|10%|true|true&#8220; custom_padding_phone=&#8220;50px||50px||true|true&#8220; custom_padding_last_edited=&#8220;off|desktop&#8220; global_colors_info=&#8220;{}&#8220;][et_pb_text _builder_version=&#8220;4.19.4&#8243; _module_preset=&#8220;default&#8220; text_text_color=&#8220;#2D2D2D&#8220; text_line_height=&#8220;1.3em&#8220; header_2_text_color=&#8220;#2D2D2D&#8220; header_2_font_size=&#8220;30px&#8220; inline_fonts=&#8220;replica-italic,replica-bold,replica-heavy,replica-regular&#8220; global_colors_info=&#8220;{}&#8220;]\n<p>Laudatio:<br \/>Prof. J\u00fcrgen Christ, Leiter des Landeszentrums f\u00fcr Musikjournalismus und Musikinformatik der Hochschule f\u00fcr Musik Karlsruhe<br \/><a href=\"https:\/\/sabineschaefer.de\/wp-content\/uploads\/2022\/12\/22-11-29_Laudatio-Joachim-Krebs-Juergen-Christ.pdf\" target=\"_blank\" rel=\"noopener\">\u2192Laudatio<\/a><\/p>\n<p>Joachim Krebs<br \/>\u2026Rufer \u2013 auf Plateau\u2026, 1990<br \/>f\u00fcr Klarinette, Bassetthorn und Bassklarinette<br \/>PAUSE<\/p>\n<p>Vortrag:<br \/>Dipl. Bibl. Hartmut J\u00f6rg, Dokumentar Abt. Wissen &#8211; Sammlung, Archive &amp; Forschung im ZKM Karlsruhe<br \/>&#8222;Krawall im Schweinestall&#8220; &#8211; Checkpoint Charlie im politischen Diskurs der 1970er. Das audiovisuelle Archiv aus dem Nachlass von Joachim Krebs und Sabine Sch\u00e4fer im Zentrum f\u00fcr Kunst und Medien,<\/p>\n<p>Joachim Krebs<br \/>\u2026tief Unten-traumversunken\u2026, 1979<br \/>Monolog f\u00fcr Bassklarinette und Streichquartett<\/p>\n<p>Studierende der Bl\u00e4ser- und Streicherfachgruppen (Prof. Nachum Erlich, Prof. Julius Kircher) der Hochschule f\u00fcr Musik Karlsruhe<\/p>\n<p>Koordination: Prof. Markus Stange<br \/>Projektleitung: Sabine Sch\u00e4fer<\/p>\n<p><span style=\"font-family: replica-bold; font-weight: normal;\">Eine Veranstaltung des Instituts f\u00fcr Neue Musik der Hochschule f\u00fcr Musik Karlsruhe<\/span><br \/><span style=\"font-family: replica-bold; font-weight: normal;\">In Kooperation mit der Badischen Landesbibliothek BLB Karlsruhe und dem ZKM Karlsruhe<\/span><\/p>\n<p><span style=\"font-family: replica-bold; font-weight: normal;\"><\/span><\/p>\n<p><span style=\"font-family: replica-bold; font-weight: normal;\"><\/span><\/p>\n[\/et_pb_text][et_pb_button button_url=&#8220;https:\/\/sabineschaefer.de\/wp-content\/uploads\/2022\/12\/22-11-29_BLB-PM-Konzert_Joachim_Krebs.pdf&#8220; url_new_window=&#8220;on&#8220; button_text=&#8220;Pressetext der Badischen Landesbibliothek&#8220; _builder_version=&#8220;4.19.4&#8243; _module_preset=&#8220;default&#8220; custom_button=&#8220;on&#8220; button_text_size=&#8220;22px&#8220; button_text_color=&#8220;#2D2D2D&#8220; button_border_width=&#8220;0px&#8220; button_border_radius=&#8220;0px&#8220; button_font=&#8220;replica-bold||||on||||&#8220; button_icon=&#8220;&#x69;||divi||400&#8243; button_icon_placement=&#8220;left&#8220; button_on_hover=&#8220;off&#8220; custom_margin=&#8220;20px||20px||false|false&#8220; global_colors_info=&#8220;{}&#8220;][\/et_pb_button][\/et_pb_column][et_pb_column type=&#8220;1_2&#8243; _builder_version=&#8220;4.19.4&#8243; _module_preset=&#8220;default&#8220; global_colors_info=&#8220;{}&#8220;][et_pb_image src=&#8220;https:\/\/sabineschaefer.de\/wp-content\/uploads\/2022\/12\/A_20221129_BLB-JKrebs-70-Geb-Trio1-scaled.jpg&#8220; title_text=&#8220;A_20221129_BLB-JKrebs-70-Geb-Trio1&#8243; _builder_version=&#8220;4.19.4&#8243; _module_preset=&#8220;default&#8220; custom_padding=&#8220;||20px||false|false&#8220; global_colors_info=&#8220;{}&#8220;][\/et_pb_image][et_pb_image src=&#8220;https:\/\/sabineschaefer.de\/wp-content\/uploads\/2022\/12\/B_20221129_BLB-JKrebs-70-Geb-Trio2-scaled.jpg&#8220; title_text=&#8220;B_20221129_BLB-JKrebs-70-Geb-Trio2&#8243; _builder_version=&#8220;4.19.4&#8243; _module_preset=&#8220;default&#8220; custom_padding=&#8220;||||false|false&#8220; global_colors_info=&#8220;{}&#8220;][\/et_pb_image][\/et_pb_column][\/et_pb_row][et_pb_row column_structure=&#8220;1_3,1_3,1_3&#8243; use_custom_gutter=&#8220;on&#8220; gutter_width=&#8220;1&#8243; make_equal=&#8220;on&#8220; _builder_version=&#8220;4.19.4&#8243; _module_preset=&#8220;default&#8220; background_enable_color=&#8220;off&#8220; width=&#8220;100%&#8220; max_width=&#8220;none&#8220; custom_padding=&#8220;20px||0px||false|false&#8220; global_colors_info=&#8220;{}&#8220;][et_pb_column type=&#8220;1_3&#8243; _builder_version=&#8220;4.19.4&#8243; _module_preset=&#8220;default&#8220; background_enable_color=&#8220;off&#8220; background_enable_image=&#8220;off&#8220; custom_padding=&#8220;|20px|||false|false&#8220; custom_padding_tablet=&#8220;100px|10%|100px|10%|true|true&#8220; custom_padding_phone=&#8220;0px|0%|0px|0%|true|true&#8220; custom_padding_last_edited=&#8220;on|phone&#8220; global_colors_info=&#8220;{}&#8220;][et_pb_image src=&#8220;https:\/\/sabineschaefer.de\/wp-content\/uploads\/2022\/12\/C_20221129_BLB-JKrebs-70-Geb-12-scaled.jpg&#8220; title_text=&#8220;C_20221129_BLB-JKrebs-70-Geb (12)&#8220; _builder_version=&#8220;4.19.4&#8243; _module_preset=&#8220;default&#8220; custom_padding=&#8220;||0px||false|false&#8220; custom_padding_tablet=&#8220;||0px||false|false&#8220; custom_padding_phone=&#8220;||0px||false|false&#8220; custom_padding_last_edited=&#8220;on|desktop&#8220; global_colors_info=&#8220;{}&#8220;][\/et_pb_image][\/et_pb_column][et_pb_column type=&#8220;1_3&#8243; _builder_version=&#8220;4.19.4&#8243; _module_preset=&#8220;default&#8220; global_colors_info=&#8220;{}&#8220;][et_pb_image src=&#8220;https:\/\/sabineschaefer.de\/wp-content\/uploads\/2022\/12\/D_20221129_BLB-JKrebs-70-Geb-tiefUnten2-scaled.jpg&#8220; title_text=&#8220;D_20221129_BLB-JKrebs-70-Geb-tiefUnten2&#8243; _builder_version=&#8220;4.19.4&#8243; _module_preset=&#8220;default&#8220; custom_padding=&#8220;||0px||false|false&#8220; custom_padding_tablet=&#8220;||0px||false|false&#8220; custom_padding_phone=&#8220;||0px||false|false&#8220; custom_padding_last_edited=&#8220;on|desktop&#8220; global_colors_info=&#8220;{}&#8220;][\/et_pb_image][\/et_pb_column][et_pb_column type=&#8220;1_3&#8243; _builder_version=&#8220;4.19.4&#8243; _module_preset=&#8220;default&#8220; custom_padding=&#8220;|||20px|false|false&#8220; custom_padding_tablet=&#8220;|||20px|false|false&#8220; custom_padding_phone=&#8220;|0px||0px|false|false&#8220; custom_padding_last_edited=&#8220;on|phone&#8220; global_colors_info=&#8220;{}&#8220;][et_pb_image src=&#8220;https:\/\/sabineschaefer.de\/wp-content\/uploads\/2022\/12\/E_20221129_BLB-JKrebs-70-Geb-tiefUnten3-scaled.jpg&#8220; title_text=&#8220;E_20221129_BLB-JKrebs-70-Geb-tiefUnten3&#8243; _builder_version=&#8220;4.19.4&#8243; _module_preset=&#8220;default&#8220; custom_padding=&#8220;||0px||false|false&#8220; custom_padding_tablet=&#8220;||20px||false|false&#8220; custom_padding_phone=&#8220;||0px||false|false&#8220; custom_padding_last_edited=&#8220;on|phone&#8220; global_colors_info=&#8220;{}&#8220;][\/et_pb_image][\/et_pb_column][\/et_pb_row][\/et_pb_section][et_pb_section fb_built=&#8220;1&#8243; admin_label=&#8220;Services&#8220; _builder_version=&#8220;4.19.4&#8243; _module_preset=&#8220;default&#8220; background_color=&#8220;#d8d1cb&#8220; background_enable_image=&#8220;off&#8220; background_blend=&#8220;overlay&#8220; custom_padding=&#8220;20px|0px|0px|0px|false|true&#8220; global_colors_info=&#8220;{}&#8220;][et_pb_row _builder_version=&#8220;4.19.4&#8243; _module_preset=&#8220;default&#8220; width=&#8220;100%&#8220; max_width=&#8220;none&#8220; custom_padding=&#8220;300px|20px|20px|20px|false|true&#8220; global_colors_info=&#8220;{}&#8220;][et_pb_column type=&#8220;4_4&#8243; _builder_version=&#8220;4.19.4&#8243; _module_preset=&#8220;default&#8220; custom_padding=&#8220;0px||0px||false|false&#8220; sticky_position=&#8220;bottom&#8220; sticky_limit_top=&#8220;row&#8220; sticky_position_tablet=&#8220;bottom&#8220; sticky_position_phone=&#8220;none&#8220; sticky_position_last_edited=&#8220;on|phone&#8220; border_width_top=&#8220;10px&#8220; border_color_top=&#8220;gcid-c2229001-dd76-4be2-a7ff-74c8942ea29b&#8220; global_colors_info=&#8220;{%22gcid-c2229001-dd76-4be2-a7ff-74c8942ea29b%22:%91%22border_color_top%22%93}&#8220;][et_pb_text _builder_version=&#8220;4.19.4&#8243; _module_preset=&#8220;default&#8220; text_font=&#8220;||||||||&#8220; header_font=&#8220;replica-bold||||||||&#8220; header_text_align=&#8220;right&#8220; header_text_color=&#8220;gcid-c2229001-dd76-4be2-a7ff-74c8942ea29b&#8220; header_font_size=&#8220;60px&#8220; header_2_font=&#8220;replica-bold||||||||&#8220; header_2_text_align=&#8220;left&#8220; header_2_text_color=&#8220;gcid-c2229001-dd76-4be2-a7ff-74c8942ea29b&#8220; header_2_font_size=&#8220;60px&#8220; header_2_line_height=&#8220;0.9em&#8220; header_3_font=&#8220;replica-bold||||||||&#8220; header_3_text_align=&#8220;left&#8220; header_3_text_color=&#8220;gcid-c2229001-dd76-4be2-a7ff-74c8942ea29b&#8220; header_3_font_size=&#8220;60px&#8220; header_3_line_height=&#8220;0.9em&#8220; custom_margin=&#8220;||0px||false|false&#8220; custom_padding=&#8220;10px||0px||false|false&#8220; header_font_size_tablet=&#8220;60px&#8220; header_font_size_phone=&#8220;60px&#8220; header_font_size_last_edited=&#8220;on|desktop&#8220; header_3_font_size_tablet=&#8220;60px&#8220; header_3_font_size_phone=&#8220;40px&#8220; header_3_font_size_last_edited=&#8220;on|phone&#8220; global_colors_info=&#8220;{%22gcid-c2229001-dd76-4be2-a7ff-74c8942ea29b%22:%91%22header_2_text_color%22,%22header_2_text_color%22,%22header_2_text_color%22,%22header_2_text_color%22,%22header_2_text_color%22,%22header_2_text_color%22,%22header_2_text_color%22,%22header_2_text_color%22,%22header_2_text_color%22,%22header_2_text_color%22,%22header_2_text_color%22,%22header_2_text_color%22%93}&#8220;]\n<h3>Di, 17.01.2023,<br \/>Hochschule f\u00fcr Musik Karlsruhe<br \/>18 Uhr Gespr\u00e4ch und 19.30 Uhr Konzert<\/h3>\n[\/et_pb_text][\/et_pb_column][\/et_pb_row][\/et_pb_section][et_pb_section fb_built=&#8220;1&#8243; admin_label=&#8220;Promo&#8220; _builder_version=&#8220;4.19.4&#8243; _module_preset=&#8220;default&#8220; background_color=&#8220;#D8D1CB&#8220; background_enable_image=&#8220;off&#8220; background_size=&#8220;contain&#8220; background_position=&#8220;center_left&#8220; custom_padding=&#8220;0px|20px|20px|20px|false|true&#8220; global_colors_info=&#8220;{}&#8220;][et_pb_row column_structure=&#8220;1_2,1_2&#8243; use_custom_gutter=&#8220;on&#8220; gutter_width=&#8220;1&#8243; make_equal=&#8220;on&#8220; _builder_version=&#8220;4.19.4&#8243; _module_preset=&#8220;default&#8220; background_enable_color=&#8220;off&#8220; width=&#8220;100%&#8220; max_width=&#8220;none&#8220; custom_padding=&#8220;20px||0px||false|false&#8220; global_colors_info=&#8220;{}&#8220;][et_pb_column type=&#8220;1_2&#8243; _builder_version=&#8220;4.19.4&#8243; _module_preset=&#8220;default&#8220; background_enable_color=&#8220;off&#8220; background_enable_image=&#8220;off&#8220; custom_padding=&#8220;|20px|||false|false&#8220; custom_padding_tablet=&#8220;100px|10%|100px|10%|true|true&#8220; custom_padding_phone=&#8220;0px|0%|0px|0%|true|true&#8220; custom_padding_last_edited=&#8220;on|phone&#8220; global_colors_info=&#8220;{}&#8220;][et_pb_text _builder_version=&#8220;4.19.4&#8243; _module_preset=&#8220;default&#8220; text_text_color=&#8220;#2D2D2D&#8220; text_line_height=&#8220;1.3em&#8220; header_2_text_color=&#8220;#2D2D2D&#8220; header_2_font_size=&#8220;30px&#8220; inline_fonts=&#8220;replica-italic,replica-bold&#8220; global_colors_info=&#8220;{}&#8220;]\n<p>Di, 17.01.2023<br \/>18.00 und 19.30 Uhr, Velte-Saal<\/p>\n<p><span style=\"font-family: replica-bold; font-weight: normal; font-size: xx-large;\">Traumkraut und Rhizom<\/span><br \/>Zweiteilige Veranstaltung mit Gespr\u00e4ch und Konzert aus Anlass des 70. Geburtstages<br \/>des Komponisten und Medienk\u00fcnstlers Joachim Krebs (1952-2013)<\/p>\n<p><span style=\"font-family: replica-bold; font-weight: normal; font-size: x-large;\">18.00 Uhr<\/span><br \/><span style=\"font-family: replica-bold; font-weight: normal; font-size: x-large;\">FreundeskreisPERS\u00d6NLICH<\/span><\/p>\n<p>Dr. h.c. Hans C. Hachmann im Gespr\u00e4ch<br \/>mit Sabine Sch\u00e4fer und Prof. Dr. Stefanie Steiner-Grage<\/p>\n[\/et_pb_text][et_pb_text _builder_version=&#8220;4.21.0&#8243; _module_preset=&#8220;default&#8220; text_text_color=&#8220;#2D2D2D&#8220; text_line_height=&#8220;1.3em&#8220; header_2_text_color=&#8220;#2D2D2D&#8220; header_2_font_size=&#8220;30px&#8220; custom_padding=&#8220;20px||||false|false&#8220; inline_fonts=&#8220;replica-italic,replica-bold&#8220; global_colors_info=&#8220;{}&#8220;]\n<p><span style=\"font-size: x-large; font-family: replica-bold; font-weight: normal;\">19.30 Uhr<\/span><br \/><span style=\"font-family: replica-bold; font-weight: normal; font-size: x-large;\">Konzert mit Werken von Joachim Krebs<\/span><\/p>\n<p>Rhizom I, 1981<br \/>F\u00fcr Bassklarinette solo und Zuspielband, ca. 14\u00b4<br \/>Valentin von Paschotka-Lipinski, Bassklarinette<br \/>Zuspielband: Harry Spaarnay, Peermusic Classical Hamburg<\/p>\n<p>Alien Lines and Fields, 1993<br \/>f\u00fcr Bassklarinette, Violoncello und Klavier, ca.19\u00b4<br \/>Bassklarinette: Alexandre Lallemang<br \/>Violoncello: Fl\u00f3ra Cs\u00f6ke<br \/>Klavier: Yue Zou<\/p>\n<p>PAUSE<\/p>\n<p>Traumkraut, 1981<br \/>F\u00fcr Alt, Bariton und 15 Instrumentalisten, ca. 23\u00b4<br \/>Nach Texten von Ivan Goll<\/p>\n<p>Luise Lotte Edler, Mezzosopran, Klasse Prof. Hanno M\u00fcller-Brachmann<br \/>Guillermo Anzorena, Bariton, Neue Vocalsolisten Stuttgart<br \/>Ensemble f\u00fcr Neue Musik der Hochschule f\u00fcr Musik Karlsruhe, Dirigent: Joss Reinicke<\/p>\n<p>Koordination: Prof. Manuel Nawri, Prof. Markus Stange<br \/>Projektleitung: Sabine Sch\u00e4fer<\/p>\n<p>Mit freundlicher Unterst\u00fctzung des Musikverlages \u201ePeermusic Classical\u201c Hamburg.<\/p>\n<p><a href=\"https:\/\/www.hfm-karlsruhe.de\/veranstaltungen\/traumkraut-und-rhizom\" target=\"_blank\" rel=\"noopener\">https:\/\/www.hfm-karlsruhe.de\/veranstaltungen\/traumkraut-und-rhizom<\/a><\/p>\n<p><a href=\"https:\/\/sabineschaefer.de\/wp-content\/uploads\/2023\/05\/1_Programmheft-front_HfM-23-01-17-JOA70.jpg\"><img loading=\"lazy\" decoding=\"async\" class=\"wp-image-7378 alignnone size-medium\" src=\"https:\/\/sabineschaefer.de\/wp-content\/uploads\/2023\/05\/1_Programmheft-front_HfM-23-01-17-JOA70-214x300.jpg\" alt=\"\" width=\"214\" height=\"300\" \/><\/a><\/p>\n<p><a href=\"https:\/\/sabineschaefer.de\/wp-content\/uploads\/2023\/05\/2_Programmheft-innen_HfM-23-01-17-JOA70.jpg\">Programm<\/a><\/p>\n[\/et_pb_text][\/et_pb_column][et_pb_column type=&#8220;1_2&#8243; _builder_version=&#8220;4.19.4&#8243; _module_preset=&#8220;default&#8220; global_colors_info=&#8220;{}&#8220;][et_pb_image src=&#8220;https:\/\/sabineschaefer.de\/wp-content\/uploads\/2022\/12\/03_Alien-Lines_Handschrift-JKrebs-scaled.jpg&#8220; title_text=&#8220;03_Alien-Lines_Handschrift-JKrebs&#8220; _builder_version=&#8220;4.19.4&#8243; _module_preset=&#8220;default&#8220; custom_padding=&#8220;||||false|false&#8220; global_colors_info=&#8220;{}&#8220;][\/et_pb_image][et_pb_text _builder_version=&#8220;4.19.4&#8243; _module_preset=&#8220;default&#8220; text_text_color=&#8220;#2D2D2D&#8220; text_font_size=&#8220;18px&#8220; text_line_height=&#8220;1.2em&#8220; header_2_text_color=&#8220;#2D2D2D&#8220; header_2_font_size=&#8220;30px&#8220; custom_padding=&#8220;5px||||false|false&#8220; custom_padding_tablet=&#8220;5px||||false|false&#8220; custom_padding_phone=&#8220;25px||||false|false&#8220; custom_padding_last_edited=&#8220;on|phone&#8220; locked=&#8220;off&#8220; inline_fonts=&#8220;replica-italic,replica-bold&#8220; global_colors_info=&#8220;{}&#8220;]\n<p>Alien Lines and Fields (1993)<br \/>Skizze zur Komposition, Manuskript Joachim Krebs<br \/>BLB, K 3353, A29<\/p>\n[\/et_pb_text][et_pb_gallery gallery_ids=&#8220;7365,7366,7367,7368,7369,7370,7371,7372&#8243; posts_number=&#8220;8&#8243; dbdb_version=&#8220;4.2.2&#8243; show_title_and_caption=&#8220;off&#8220; show_pagination=&#8220;off&#8220; _builder_version=&#8220;4.21.0&#8243; _module_preset=&#8220;default&#8220; global_colors_info=&#8220;{}&#8220;][\/et_pb_gallery][\/et_pb_column][\/et_pb_row][\/et_pb_section][et_pb_section fb_built=&#8220;1&#8243; admin_label=&#8220;Services&#8220; _builder_version=&#8220;4.19.4&#8243; _module_preset=&#8220;default&#8220; background_color=&#8220;#F4F4F4&#8243; background_enable_image=&#8220;off&#8220; background_blend=&#8220;overlay&#8220; custom_padding=&#8220;20px|0px|0px|0px|false|true&#8220; global_colors_info=&#8220;{}&#8220;][et_pb_row _builder_version=&#8220;4.19.4&#8243; _module_preset=&#8220;default&#8220; width=&#8220;100%&#8220; max_width=&#8220;none&#8220; custom_padding=&#8220;300px|20px|20px|20px|false|true&#8220; global_colors_info=&#8220;{}&#8220;][et_pb_column type=&#8220;4_4&#8243; _builder_version=&#8220;4.19.4&#8243; _module_preset=&#8220;default&#8220; custom_padding=&#8220;0px||0px||false|false&#8220; sticky_position=&#8220;bottom&#8220; sticky_limit_top=&#8220;row&#8220; sticky_position_tablet=&#8220;bottom&#8220; sticky_position_phone=&#8220;none&#8220; sticky_position_last_edited=&#8220;on|phone&#8220; border_width_top=&#8220;10px&#8220; border_color_top=&#8220;gcid-c2229001-dd76-4be2-a7ff-74c8942ea29b&#8220; global_colors_info=&#8220;{%22gcid-c2229001-dd76-4be2-a7ff-74c8942ea29b%22:%91%22border_color_top%22%93}&#8220;][et_pb_text _builder_version=&#8220;4.19.4&#8243; _module_preset=&#8220;default&#8220; text_font=&#8220;||||||||&#8220; header_font=&#8220;replica-bold||||||||&#8220; header_text_align=&#8220;right&#8220; header_text_color=&#8220;gcid-c2229001-dd76-4be2-a7ff-74c8942ea29b&#8220; header_font_size=&#8220;60px&#8220; header_2_font=&#8220;replica-bold||||||||&#8220; header_2_text_align=&#8220;right&#8220; header_2_text_color=&#8220;gcid-c2229001-dd76-4be2-a7ff-74c8942ea29b&#8220; header_2_font_size=&#8220;60px&#8220; header_2_line_height=&#8220;0.9em&#8220; header_3_font=&#8220;replica-bold||||||||&#8220; header_3_text_align=&#8220;right&#8220; header_3_text_color=&#8220;gcid-c2229001-dd76-4be2-a7ff-74c8942ea29b&#8220; header_3_font_size=&#8220;60px&#8220; header_3_line_height=&#8220;0.9em&#8220; header_4_font=&#8220;replica-bold||||||||&#8220; header_4_text_align=&#8220;right&#8220; header_4_text_color=&#8220;gcid-c2229001-dd76-4be2-a7ff-74c8942ea29b&#8220; header_4_font_size=&#8220;60px&#8220; header_4_line_height=&#8220;0.9em&#8220; custom_margin=&#8220;||0px||false|false&#8220; custom_padding=&#8220;10px||0px||false|false&#8220; header_font_size_tablet=&#8220;60px&#8220; header_font_size_phone=&#8220;60px&#8220; header_font_size_last_edited=&#8220;on|desktop&#8220; header_4_font_size_tablet=&#8220;60px&#8220; header_4_font_size_phone=&#8220;40px&#8220; header_4_font_size_last_edited=&#8220;on|phone&#8220; inline_fonts=&#8220;replica-regular&#8220; global_colors_info=&#8220;{%22gcid-c2229001-dd76-4be2-a7ff-74c8942ea29b%22:%91%22header_2_text_color%22,%22header_2_text_color%22,%22header_2_text_color%22,%22header_2_text_color%22,%22header_2_text_color%22,%22header_2_text_color%22,%22header_2_text_color%22,%22header_2_text_color%22,%22header_2_text_color%22,%22header_2_text_color%22,%22header_2_text_color%22,%22header_2_text_color%22%93}&#8220;]\n<h4>Do, 19.01.2023, 19 Uhr, ZKM Karlsruhe<br \/>19.00 Uhr, Vortragssaal<\/h4>\n<h4><span style=\"font-family: replica-regular;\">Das Leben als Experiment<\/span><br \/><span style=\"font-family: replica-regular;\">Der Komponist und Medienk\u00fcnstler<br \/>Joachim Krebs (1952-2013)<\/span><br \/><span style=\"font-family: replica-regular;\"><br \/>Vortrag,<br \/>Live-Auff\u00fchrung und<br \/>Werkpr\u00e4sentationen<\/span><\/h4>\n[\/et_pb_text][\/et_pb_column][\/et_pb_row][\/et_pb_section][et_pb_section fb_built=&#8220;1&#8243; admin_label=&#8220;Promo&#8220; _builder_version=&#8220;4.19.4&#8243; _module_preset=&#8220;default&#8220; background_color=&#8220;#F4F4F4&#8243; background_enable_image=&#8220;off&#8220; background_size=&#8220;contain&#8220; background_position=&#8220;center_left&#8220; custom_padding=&#8220;0px|20px|20px|20px|false|true&#8220; global_colors_info=&#8220;{}&#8220;][et_pb_row column_structure=&#8220;1_2,1_2&#8243; use_custom_gutter=&#8220;on&#8220; gutter_width=&#8220;1&#8243; make_equal=&#8220;on&#8220; _builder_version=&#8220;4.19.4&#8243; _module_preset=&#8220;default&#8220; background_enable_color=&#8220;off&#8220; width=&#8220;100%&#8220; max_width=&#8220;none&#8220; custom_padding=&#8220;20px||0px||false|false&#8220; global_colors_info=&#8220;{}&#8220;][et_pb_column type=&#8220;1_2&#8243; _builder_version=&#8220;4.19.4&#8243; _module_preset=&#8220;default&#8220; background_enable_color=&#8220;off&#8220; background_enable_image=&#8220;off&#8220; custom_padding=&#8220;|20px|||false|false&#8220; custom_padding_tablet=&#8220;100px|10%|100px|10%|true|true&#8220; custom_padding_phone=&#8220;0px|0%|0px|0%|true|true&#8220; custom_padding_last_edited=&#8220;on|phone&#8220; global_colors_info=&#8220;{}&#8220;][et_pb_text _builder_version=&#8220;4.21.0&#8243; _module_preset=&#8220;default&#8220; text_text_color=&#8220;#2D2D2D&#8220; text_line_height=&#8220;1.3em&#8220; header_2_text_color=&#8220;#2D2D2D&#8220; header_2_font_size=&#8220;30px&#8220; custom_padding_tablet=&#8220;&#8220; custom_padding_phone=&#8220;||20px||false|false&#8220; custom_padding_last_edited=&#8220;on|phone&#8220; inline_fonts=&#8220;replica-italic,replica-bold&#8220; global_colors_info=&#8220;{}&#8220;]\n<p>Die Veranstaltung im ZKM reflektiert den Medienk\u00fcnstler und Komponisten Joachim Krebs als philosophisch, politisch und transkulturell beeinflussten K\u00fcnstler.<\/p>\n<p>Vortrag:<br \/>Prof. Dr. Michael Harenberg, Musikwissenschaftler und Leiter des Studienganges Sound Arts der Hochschule der K\u00fcnste Bern (HKB) von 2002\u20132022<\/p>\n<p>Live-Auff\u00fchrung:<br \/>Rhizom I (1981) f\u00fcr Bassklarinette und Zuspielband von Joachim Krebs, Bassklarinette: Valentin von Paschotka-Lipinski (Klasse Prof. Julius Kircher) der Hochschule f\u00fcr Musik Karlsruhe<\/p>\n<p>Werkpr\u00e4sentation:<br \/>Elektroakustische und multimediale Sound Art des K\u00fcnstlers<br \/>mit Archivalien aus dem Digitalarchiv des ZKM<\/p>\n<p>&nbsp;<\/p>\n<p>K\u00fcnstlerische Auswahl: Sabine Sch\u00e4fer<br \/>Archiv: Dipl. Bibl. Hartmut J\u00f6rg, Abteilung Wissen \u2013 Sammlung, Archive, Forschung des ZKM<\/p>\n<p>Koordination und Projektleitung: Sabine Sch\u00e4fer<\/p>\n<p>Eine Veranstaltung des Instituts f\u00fcr Neue Musik der Hochschule f\u00fcr Musik Karlsruhe<br \/>In Kooperation mit dem ZKM Karlsruhe<\/p>\n<p>&nbsp;<\/p>\n<p><a href=\"https:\/\/www.hfm-karlsruhe.de\/veranstaltungen\/das-leben-als-experiment\" target=\"_blank\" rel=\"noopener\">https:\/\/www.hfm-karlsruhe.de\/veranstaltungen\/das-leben-als-experiment<\/a><\/p>\n<p><a href=\"https:\/\/zkm.de\/de\/veranstaltung\/2023\/01\/das-leben-als-experiment\" target=\"_blank\" rel=\"noopener\">https:\/\/zkm.de\/de\/veranstaltung\/2023\/01\/das-leben-als-experiment<\/a><\/p>\n<p><a href=\"https:\/\/sabineschaefer.de\/wp-content\/uploads\/2023\/05\/Programmheft-front_ZKM-23-01-19-JOA70.jpg\"><img loading=\"lazy\" decoding=\"async\" class=\"wp-image-7392 alignnone size-medium\" src=\"https:\/\/sabineschaefer.de\/wp-content\/uploads\/2023\/05\/Programmheft-front_ZKM-23-01-19-JOA70-203x300.jpg\" alt=\"\" width=\"203\" height=\"300\" \/><\/a><\/p>\n<p><a href=\"https:\/\/sabineschaefer.de\/wp-content\/uploads\/2023\/05\/Programmheft-innen_ZKM-23-01-19-JOA70.jpg\">Programm<\/a><\/p>\n[\/et_pb_text][\/et_pb_column][et_pb_column type=&#8220;1_2&#8243; _builder_version=&#8220;4.19.4&#8243; _module_preset=&#8220;default&#8220; global_colors_info=&#8220;{}&#8220;][et_pb_image src=&#8220;https:\/\/sabineschaefer.de\/wp-content\/uploads\/2022\/12\/01_W1_Krebs-Joa_Darmstadt-1984-Foto-Harenberg.jpg&#8220; title_text=&#8220;01_W1_Krebs-Joa_Darmstadt-1984-Foto-Harenberg&#8220; _builder_version=&#8220;4.19.4&#8243; _module_preset=&#8220;default&#8220; custom_padding=&#8220;||||false|false&#8220; custom_padding_tablet=&#8220;||||false|false&#8220; custom_padding_phone=&#8220;||20px||false|false&#8220; custom_padding_last_edited=&#8220;on|phone&#8220; global_colors_info=&#8220;{}&#8220;][\/et_pb_image][et_pb_text _builder_version=&#8220;4.19.4&#8243; _module_preset=&#8220;default&#8220; text_text_color=&#8220;#2D2D2D&#8220; text_font_size=&#8220;18px&#8220; text_line_height=&#8220;1.2em&#8220; header_2_text_color=&#8220;#2D2D2D&#8220; header_2_font_size=&#8220;30px&#8220; custom_padding=&#8220;5px||||false|false&#8220; locked=&#8220;off&#8220; inline_fonts=&#8220;replica-italic,replica-bold&#8220; global_colors_info=&#8220;{}&#8220;]Internationale Ferienkurse f\u00fcr Neue Musik Darmstadt 1984<br \/>\nKomponisten-Forum Joachim Krebs<br \/>\nFoto: Michael Harenberg<br \/>\nBLB, K 3353[\/et_pb_text][et_pb_gallery _builder_version=&#8220;4.21.0&#8243; _module_preset=&#8220;default&#8220; gallery_ids=&#8220;7396,7397,7398,7399,7400,7401,7402,7403,7404,7405,7406,7407&#8243; show_title_and_caption=&#8220;off&#8220; hover_enabled=&#8220;0&#8243; sticky_enabled=&#8220;0&#8243;][\/et_pb_gallery][\/et_pb_column][\/et_pb_row][\/et_pb_section][et_pb_section fb_built=&#8220;1&#8243; admin_label=&#8220;Promo&#8220; _builder_version=&#8220;4.19.4&#8243; _module_preset=&#8220;default&#8220; background_color=&#8220;#D8D1CB&#8220; background_enable_image=&#8220;off&#8220; background_size=&#8220;contain&#8220; background_position=&#8220;center_left&#8220; custom_padding=&#8220;0px|20px|20px|20px|false|true&#8220; global_colors_info=&#8220;{}&#8220;][et_pb_row column_structure=&#8220;1_2,1_2&#8243; use_custom_gutter=&#8220;on&#8220; make_equal=&#8220;on&#8220; _builder_version=&#8220;4.19.4&#8243; _module_preset=&#8220;default&#8220; background_enable_color=&#8220;off&#8220; width=&#8220;100%&#8220; max_width=&#8220;none&#8220; custom_padding=&#8220;20px||0px||false|false&#8220; global_colors_info=&#8220;{}&#8220;][et_pb_column type=&#8220;1_2&#8243; _builder_version=&#8220;4.19.2&#8243; _module_preset=&#8220;default&#8220; background_enable_color=&#8220;off&#8220; background_enable_image=&#8220;off&#8220; custom_padding=&#8220;|20px|||false|false&#8220; custom_padding_tablet=&#8220;100px|10%|100px|10%|true|true&#8220; custom_padding_phone=&#8220;50px||50px||true|true&#8220; custom_padding_last_edited=&#8220;off|desktop&#8220; global_colors_info=&#8220;{}&#8220;][et_pb_text _builder_version=&#8220;4.19.4&#8243; _module_preset=&#8220;default&#8220; text_text_color=&#8220;#2D2D2D&#8220; text_line_height=&#8220;1.3em&#8220; header_2_text_color=&#8220;#2D2D2D&#8220; header_2_font_size=&#8220;30px&#8220; custom_padding=&#8220;||20px||false|false&#8220; inline_fonts=&#8220;replica-italic,replica-bold&#8220; global_colors_info=&#8220;{}&#8220;]\n<p>Mit freundlicher Unterst\u00fctzung des Musikverlages \u201ePeermusic Classical\u201c Hamburg.<\/p>\n[\/et_pb_text][et_pb_image src=&#8220;https:\/\/sabineschaefer.de\/wp-content\/uploads\/2022\/12\/peermusic-classical-logo-web.png&#8220; title_text=&#8220;peermusic-classical-logo-web&#8220; _builder_version=&#8220;4.19.4&#8243; _module_preset=&#8220;default&#8220; global_colors_info=&#8220;{}&#8220;][\/et_pb_image][\/et_pb_column][et_pb_column type=&#8220;1_2&#8243; _builder_version=&#8220;4.19.2&#8243; _module_preset=&#8220;default&#8220; background_enable_color=&#8220;off&#8220; background_enable_image=&#8220;off&#8220; custom_padding=&#8220;|20px|||false|false&#8220; custom_padding_tablet=&#8220;100px|10%|100px|10%|true|true&#8220; custom_padding_phone=&#8220;50px||50px||true|true&#8220; custom_padding_last_edited=&#8220;off|desktop&#8220; global_colors_info=&#8220;{}&#8220;][et_pb_text _builder_version=&#8220;4.19.4&#8243; _module_preset=&#8220;default&#8220; text_text_color=&#8220;#2D2D2D&#8220; text_line_height=&#8220;1.3em&#8220; header_2_text_color=&#8220;#2D2D2D&#8220; header_2_font_size=&#8220;30px&#8220; custom_padding=&#8220;||20px||false|false&#8220; inline_fonts=&#8220;replica-italic,replica-bold&#8220; global_colors_info=&#8220;{}&#8220;]\n<p>Die dreiteilige Veranstaltungsreihe wird gef\u00f6rdert durch das Kulturamt | Kulturb\u00fcro der Stadt Karlsruhe.<\/p>\n[\/et_pb_text][et_pb_image src=&#8220;https:\/\/sabineschaefer.de\/wp-content\/uploads\/2022\/12\/Logo_Stadt-Karlsruhe_Kulturamt_Kulturbuero.png&#8220; title_text=&#8220;Logo_Stadt Karlsruhe_Kulturamt_Kulturbu\u0308ro&#8220; _builder_version=&#8220;4.19.4&#8243; _module_preset=&#8220;default&#8220; global_colors_info=&#8220;{}&#8220;][\/et_pb_image][\/et_pb_column][\/et_pb_row][\/et_pb_section][et_pb_section fb_built=&#8220;1&#8243; admin_label=&#8220;Footer&#8220; _builder_version=&#8220;4.18.0&#8243; _module_preset=&#8220;default&#8220; background_color=&#8220;#d8d1cb&#8220; custom_padding=&#8220;0px|0px|0px|0px|false|false&#8220; global_module=&#8220;3881&#8243; saved_tabs=&#8220;all&#8220; global_colors_info=&#8220;{}&#8220;][et_pb_row column_structure=&#8220;1_2,1_2&#8243; _builder_version=&#8220;4.19.2&#8243; _module_preset=&#8220;default&#8220; width=&#8220;100%&#8220; max_width=&#8220;none&#8220; custom_padding=&#8220;120px|20px|120px|20px|false|true&#8220; global_colors_info=&#8220;{}&#8220;][et_pb_column type=&#8220;1_2&#8243; _builder_version=&#8220;4.16&#8243; _module_preset=&#8220;default&#8220; global_colors_info=&#8220;{}&#8220;][\/et_pb_column][et_pb_column type=&#8220;1_2&#8243; _builder_version=&#8220;4.16&#8243; _module_preset=&#8220;default&#8220; global_colors_info=&#8220;{}&#8220;][et_pb_text _builder_version=&#8220;4.19.2&#8243; _dynamic_attributes=&#8220;link_option_url&#8220; _module_preset=&#8220;default&#8220; text_font=&#8220;replica-regular||||||||&#8220; text_text_color=&#8220;#1E1E1E&#8220; text_font_size=&#8220;38px&#8220; link_font=&#8220;|300|||||||&#8220; link_text_color=&#8220;#000000&#8243; header_4_line_height=&#8220;1.5em&#8220; text_orientation=&#8220;right&#8220; custom_padding=&#8220;||20px||false|false&#8220; link_option_url=&#8220;@ET-DC@eyJkeW5hbWljIjp0cnVlLCJjb250ZW50IjoicG9zdF9saW5rX3VybF9wYWdlIiwic2V0dGluZ3MiOnsicG9zdF9pZCI6IjU0In19@&#8220; text_font_size_tablet=&#8220;30px&#8220; text_font_size_phone=&#8220;30px&#8220; text_font_size_last_edited=&#8220;on|phone&#8220; link_font_size_tablet=&#8220;&#8220; link_font_size_phone=&#8220;30px&#8220; link_font_size_last_edited=&#8220;on|phone&#8220; header_font_size_tablet=&#8220;55px&#8220; header_font_size_last_edited=&#8220;off|desktop&#8220; header_3_font_size_tablet=&#8220;&#8220; header_3_font_size_phone=&#8220;&#8220; header_3_font_size_last_edited=&#8220;on|desktop&#8220; header_4_font_size_tablet=&#8220;&#8220; header_4_font_size_phone=&#8220;15px&#8220; header_4_font_size_last_edited=&#8220;on|tablet&#8220; text_orientation_tablet=&#8220;left&#8220; text_orientation_phone=&#8220;left&#8220; text_orientation_last_edited=&#8220;on|desktop&#8220; global_colors_info=&#8220;{}&#8220; content__hover_enabled=&#8220;on|desktop&#8220; content__hover=&#8220;<\/p>\n<p><span style=%22text-decoration: underline;%22>Kontakt<\/span><\/p>\n<p>&#8222;]\n<p>Kontakt<\/p>\n[\/et_pb_text][et_pb_text _builder_version=&#8220;4.19.2&#8243; _dynamic_attributes=&#8220;link_option_url&#8220; _module_preset=&#8220;default&#8220; text_font=&#8220;replica-regular||||||||&#8220; text_text_color=&#8220;#1E1E1E&#8220; text_font_size=&#8220;38px&#8220; link_font=&#8220;Inter|300|||||||&#8220; link_text_color=&#8220;#000000&#8243; header_4_line_height=&#8220;1.5em&#8220; text_orientation=&#8220;right&#8220; custom_padding=&#8220;||20px||false|false&#8220; link_option_url=&#8220;@ET-DC@eyJkeW5hbWljIjp0cnVlLCJjb250ZW50IjoicG9zdF9saW5rX3VybF9wYWdlIiwic2V0dGluZ3MiOnsicG9zdF9pZCI6IjIxNjQifX0=@&#8220; text_font_size_tablet=&#8220;30px&#8220; text_font_size_phone=&#8220;30px&#8220; text_font_size_last_edited=&#8220;on|phone&#8220; header_font_size_tablet=&#8220;55px&#8220; header_font_size_last_edited=&#8220;off|desktop&#8220; header_3_font_size_tablet=&#8220;&#8220; header_3_font_size_phone=&#8220;&#8220; header_3_font_size_last_edited=&#8220;on|desktop&#8220; header_4_font_size_tablet=&#8220;&#8220; header_4_font_size_phone=&#8220;15px&#8220; header_4_font_size_last_edited=&#8220;on|tablet&#8220; text_orientation_tablet=&#8220;left&#8220; text_orientation_phone=&#8220;left&#8220; text_orientation_last_edited=&#8220;on|desktop&#8220; global_colors_info=&#8220;{}&#8220; content__hover_enabled=&#8220;on|hover&#8220; content__hover=&#8220;<\/p>\n<p><span style=%22text-decoration: underline;%22>Datenschutzerkl\u00e4rung<\/span><\/p>\n<p>&#8222;]\n<p>Datenschutzerkl\u00e4rung<\/p>\n[\/et_pb_text][et_pb_text _builder_version=&#8220;4.19.2&#8243; _dynamic_attributes=&#8220;link_option_url&#8220; _module_preset=&#8220;default&#8220; text_font=&#8220;replica-regular||||||||&#8220; text_text_color=&#8220;#1E1E1E&#8220; text_font_size=&#8220;38px&#8220; link_font=&#8220;Inter|300|||||||&#8220; link_text_color=&#8220;#000000&#8243; header_4_line_height=&#8220;1.5em&#8220; text_orientation=&#8220;right&#8220; link_option_url=&#8220;@ET-DC@eyJkeW5hbWljIjp0cnVlLCJjb250ZW50IjoicG9zdF9saW5rX3VybF9wYWdlIiwic2V0dGluZ3MiOnsicG9zdF9pZCI6IjYwNjcifX0=@&#8220; text_font_size_tablet=&#8220;30px&#8220; text_font_size_phone=&#8220;30px&#8220; text_font_size_last_edited=&#8220;on|phone&#8220; header_font_size_tablet=&#8220;55px&#8220; header_font_size_last_edited=&#8220;off|desktop&#8220; header_3_font_size_tablet=&#8220;&#8220; header_3_font_size_phone=&#8220;&#8220; header_3_font_size_last_edited=&#8220;on|desktop&#8220; header_4_font_size_tablet=&#8220;&#8220; header_4_font_size_phone=&#8220;15px&#8220; header_4_font_size_last_edited=&#8220;on|tablet&#8220; text_orientation_tablet=&#8220;left&#8220; text_orientation_phone=&#8220;left&#8220; text_orientation_last_edited=&#8220;on|desktop&#8220; global_colors_info=&#8220;{}&#8220; content__hover_enabled=&#8220;on|hover&#8220; content__hover=&#8220;<\/p>\n<p><span style=%22text-decoration: underline;%22>Impressum<\/span><\/p>\n<p>&#8222;]\n<p>Impressum<\/p>\n[\/et_pb_text][\/et_pb_column][\/et_pb_row][\/et_pb_section]\n","protected":false},"excerpt":{"rendered":"<p>Kuratorische T\u00e4tigkeitVeranstaltungen zum 70. Geburtstagdes Komponisten und Medienk\u00fcnstlersJoachim Krebs (1952-2013)Badische LandesbibliothekRufer \u2013 auf Plateau29.11.2022, VortragssaalKammermusik, Laudatio und VortragHochschule f\u00fcr Musik KarlsruheTraumkraut und Rhizom17.01.2023, Velte-Saal18 Uhr Gespr\u00e4ch und 19.30 Uhr KonzertZKM Karlsruhe Das Leben als Experiment -Der Komponist und Medienk\u00fcnstler Joachim Krebs (1952-2013)19.01.2023, 19 Uhr, VortragssaalVortrag, Live-Musik und dokumentarische Werkpr\u00e4sentationenInternationale Ferienkurse f\u00fcr Neue Musik Darmstadt 1984Komponisten-Forum [&hellip;]<\/p>\n","protected":false},"author":6,"featured_media":0,"parent":0,"menu_order":0,"comment_status":"closed","ping_status":"closed","template":"","meta":{"_et_pb_use_builder":"on","_et_pb_old_content":"","_et_gb_content_width":"","h5ap_radio_sources":[],"footnotes":"","_links_to":"","_links_to_target":""},"class_list":["post-6945","page","type-page","status-publish","hentry"],"_links":{"self":[{"href":"https:\/\/sabineschaefer.de\/index.php?rest_route=\/wp\/v2\/pages\/6945","targetHints":{"allow":["GET"]}}],"collection":[{"href":"https:\/\/sabineschaefer.de\/index.php?rest_route=\/wp\/v2\/pages"}],"about":[{"href":"https:\/\/sabineschaefer.de\/index.php?rest_route=\/wp\/v2\/types\/page"}],"author":[{"embeddable":true,"href":"https:\/\/sabineschaefer.de\/index.php?rest_route=\/wp\/v2\/users\/6"}],"replies":[{"embeddable":true,"href":"https:\/\/sabineschaefer.de\/index.php?rest_route=%2Fwp%2Fv2%2Fcomments&post=6945"}],"version-history":[{"count":66,"href":"https:\/\/sabineschaefer.de\/index.php?rest_route=\/wp\/v2\/pages\/6945\/revisions"}],"predecessor-version":[{"id":7408,"href":"https:\/\/sabineschaefer.de\/index.php?rest_route=\/wp\/v2\/pages\/6945\/revisions\/7408"}],"wp:attachment":[{"href":"https:\/\/sabineschaefer.de\/index.php?rest_route=%2Fwp%2Fv2%2Fmedia&parent=6945"}],"curies":[{"name":"wp","href":"https:\/\/api.w.org\/{rel}","templated":true}]}}